{"id":98,"date":"2021-10-01T14:47:23","date_gmt":"2021-10-01T12:47:23","guid":{"rendered":"https:\/\/www.aalborg-hotel.fr\/?page_id=98"},"modified":"2024-09-06T14:01:44","modified_gmt":"2024-09-06T12:01:44","slug":"aalborg-hotel-les-2-alpes","status":"publish","type":"page","link":"https:\/\/www.aalborg-hotel.fr\/de\/hotel-les-deux-alpes\/aalborg-hotel-les-2-alpes\/","title":{"rendered":"Doppelter Standard"},"content":{"rendered":"<div data-elementor-type=\"wp-page\" data-elementor-id=\"98\" class=\"elementor elementor-98\" data-elementor-post-type=\"page\">\n\t\t\t\t\t\t<section class=\"elementor-section elementor-top-section elementor-element elementor-element-3bbe180 elementor-reverse-mobile elementor-section-boxed elementor-section-height-default elementor-section-height-default\" data-id=\"3bbe180\" data-element_type=\"section\" data-e-type=\"section\" data-settings=\"{&quot;_ob_glider_is_slider&quot;:&quot;no&quot;}\">\n\t\t\t\t\t\t<div class=\"elementor-container elementor-column-gap-default\">\n\t\t\t\t\t<div class=\"elementor-column elementor-col-50 elementor-top-column elementor-element elementor-element-ba2e4cf colonne-left\" data-id=\"ba2e4cf\" data-element_type=\"column\" data-e-type=\"column\" data-settings=\"{&quot;background_background&quot;:&quot;classic&quot;,&quot;_ob_column_hoveranimator&quot;:&quot;no&quot;,&quot;_ob_column_has_pseudo&quot;:&quot;no&quot;}\">\n\t\t\t<div class=\"elementor-widget-wrap elementor-element-populated\">\n\t\t\t\t\t\t<section class=\"elementor-section elementor-inner-section elementor-element elementor-element-8d78901 elementor-section-height-min-height elementor-section-boxed elementor-section-height-default\" data-id=\"8d78901\" data-element_type=\"section\" data-e-type=\"section\" data-settings=\"{&quot;_ob_glider_is_slider&quot;:&quot;no&quot;}\">\n\t\t\t\t\t\t<div class=\"elementor-container elementor-column-gap-default\">\n\t\t\t\t\t<div class=\"elementor-column elementor-col-100 elementor-inner-column elementor-element elementor-element-d4a25fc\" data-id=\"d4a25fc\" data-element_type=\"column\" data-e-type=\"column\" data-settings=\"{&quot;background_background&quot;:&quot;classic&quot;,&quot;_ob_column_hoveranimator&quot;:&quot;no&quot;,&quot;_ob_column_has_pseudo&quot;:&quot;no&quot;}\">\n\t\t\t<div class=\"elementor-widget-wrap elementor-element-populated\">\n\t\t\t\t\t\t<div class=\"elementor-element elementor-element-bec935c ob-harakiri-inherit ob-has-background-overlay elementor-widget elementor-widget-heading\" data-id=\"bec935c\" data-element_type=\"widget\" data-e-type=\"widget\" data-settings=\"{&quot;_ob_use_harakiri&quot;:&quot;yes&quot;,&quot;_ob_harakiri_writing_mode&quot;:&quot;inherit&quot;,&quot;_ob_harakiri_text_clip&quot;:&quot;none&quot;,&quot;_ob_widget_stalker_use&quot;:&quot;no&quot;,&quot;_ob_poopart_use&quot;:&quot;yes&quot;,&quot;_ob_shadough_use&quot;:&quot;no&quot;,&quot;_ob_allow_hoveranimator&quot;:&quot;no&quot;}\" data-widget_type=\"heading.default\">\n\t\t\t\t<div class=\"elementor-widget-container\">\n\t\t\t\t\t<h2 class=\"elementor-heading-title elementor-size-default\">AALBORG HOTEL LES 2 ALPES <\/h2>\t\t\t\t<\/div>\n\t\t\t\t<\/div>\n\t\t\t\t<div class=\"elementor-element elementor-element-f5f0b33 ob-harakiri-inherit ob-has-background-overlay elementor-widget elementor-widget-heading\" data-id=\"f5f0b33\" data-element_type=\"widget\" data-e-type=\"widget\" data-settings=\"{&quot;_ob_use_harakiri&quot;:&quot;yes&quot;,&quot;_ob_harakiri_writing_mode&quot;:&quot;inherit&quot;,&quot;_ob_harakiri_text_clip&quot;:&quot;none&quot;,&quot;_ob_widget_stalker_use&quot;:&quot;no&quot;,&quot;_ob_poopart_use&quot;:&quot;yes&quot;,&quot;_ob_shadough_use&quot;:&quot;no&quot;,&quot;_ob_allow_hoveranimator&quot;:&quot;no&quot;}\" data-widget_type=\"heading.default\">\n\t\t\t\t<div class=\"elementor-widget-container\">\n\t\t\t\t\t<h1 class=\"elementor-heading-title elementor-size-default\">Doppelter Standard<\/h1>\t\t\t\t<\/div>\n\t\t\t\t<\/div>\n\t\t\t\t<div class=\"elementor-element elementor-element-b57b1bf ob-harakiri-inherit ob-has-background-overlay elementor-widget elementor-widget-text-editor\" data-id=\"b57b1bf\" data-element_type=\"widget\" data-e-type=\"widget\" data-settings=\"{&quot;_ob_use_harakiri&quot;:&quot;yes&quot;,&quot;_ob_harakiri_writing_mode&quot;:&quot;inherit&quot;,&quot;_ob_postman_use&quot;:&quot;no&quot;,&quot;_ob_widget_stalker_use&quot;:&quot;no&quot;,&quot;_ob_poopart_use&quot;:&quot;yes&quot;,&quot;_ob_shadough_use&quot;:&quot;no&quot;,&quot;_ob_allow_hoveranimator&quot;:&quot;no&quot;}\" data-widget_type=\"text-editor.default\">\n\t\t\t\t<div class=\"elementor-widget-container\">\n\t\t\t\t\t\t\t\t\t<p>Ein warmes und komfortables Zimmer f\u00fcr Ihren Urlaub zu zweit.<\/p>\t\t\t\t\t\t\t\t<\/div>\n\t\t\t\t<\/div>\n\t\t\t\t<div class=\"elementor-element elementor-element-8fbe959 elementor-mobile-align-center elementor-align-center ob-has-background-overlay elementor-widget elementor-widget-button\" data-id=\"8fbe959\" data-element_type=\"widget\" data-e-type=\"widget\" data-settings=\"{&quot;_ob_butterbutton_use_it&quot;:&quot;no&quot;,&quot;_ob_widget_stalker_use&quot;:&quot;no&quot;,&quot;_ob_poopart_use&quot;:&quot;yes&quot;,&quot;_ob_shadough_use&quot;:&quot;no&quot;,&quot;_ob_allow_hoveranimator&quot;:&quot;no&quot;}\" data-widget_type=\"button.default\">\n\t\t\t\t<div class=\"elementor-widget-container\">\n\t\t\t\t\t\t\t\t\t<div class=\"elementor-button-wrapper\">\n\t\t\t\t\t<a class=\"elementor-button elementor-button-link elementor-size-sm\" href=\"https:\/\/www.secure-hotel-booking.com\/Hotel-Aalborg\/JIR3?hotelId=25486&#038;roomid=113457\" target=\"_blank\" rel=\"nofollow noopener\">\n\t\t\t\t\t\t<span class=\"elementor-button-content-wrapper\">\n\t\t\t\t\t\t<span class=\"elementor-button-icon\">\n\t\t\t\t<i aria-hidden=\"true\" class=\"far fa-calendar\"><\/i>\t\t\t<\/span>\n\t\t\t\t\t\t\t\t\t<span class=\"elementor-button-text\">Buchen Sie<\/span>\n\t\t\t\t\t<\/span>\n\t\t\t\t\t<\/a>\n\t\t\t\t<\/div>\n\t\t\t\t\t\t\t\t<\/div>\n\t\t\t\t<\/div>\n\t\t\t\t\t<\/div>\n\t\t<\/div>\n\t\t\t\t\t<\/div>\n\t\t<\/section>\n\t\t\t\t\t<\/div>\n\t\t<\/div>\n\t\t\t\t<div class=\"elementor-column elementor-col-50 elementor-top-column elementor-element elementor-element-47552cf colonne-right\" data-id=\"47552cf\" data-element_type=\"column\" data-e-type=\"column\" data-settings=\"{&quot;_ob_column_hoveranimator&quot;:&quot;no&quot;,&quot;_ob_column_has_pseudo&quot;:&quot;no&quot;}\">\n\t\t\t<div class=\"elementor-widget-wrap elementor-element-populated\">\n\t\t\t\t\t\t<div class=\"elementor-element elementor-element-df255a2 ob-has-background-overlay elementor-widget elementor-widget-image\" data-id=\"df255a2\" data-element_type=\"widget\" data-e-type=\"widget\" data-settings=\"{&quot;_ob_photomorph_use&quot;:&quot;no&quot;,&quot;_ob_widget_stalker_use&quot;:&quot;no&quot;,&quot;_ob_poopart_use&quot;:&quot;yes&quot;,&quot;_ob_shadough_use&quot;:&quot;no&quot;,&quot;_ob_allow_hoveranimator&quot;:&quot;no&quot;}\" data-widget_type=\"image.default\">\n\t\t\t\t<div class=\"elementor-widget-container\">\n\t\t\t\t\t\t\t\t\t\t\t\t\t\t\t\t<a href=\"https:\/\/www.aalborg-hotel.fr\/wp-content\/uploads\/2022\/09\/1010295_Dec21_236_XF-compressed.jpg\" data-elementor-open-lightbox=\"yes\" data-elementor-lightbox-title=\"1010295_Dec21_236_XF-compressed\" data-e-action-hash=\"#elementor-action%3Aaction%3Dlightbox%26settings%3DeyJpZCI6MjYyMCwidXJsIjoiaHR0cHM6XC9cL3d3dy5hYWxib3JnLWhvdGVsLmZyXC93cC1jb250ZW50XC91cGxvYWRzXC8yMDIyXC8wOVwvMTAxMDI5NV9EZWMyMV8yMzZfWEYtY29tcHJlc3NlZC5qcGcifQ%3D%3D\">\n\t\t\t\t\t\t\t<img decoding=\"async\" src=\"https:\/\/www.aalborg-hotel.fr\/wp-content\/uploads\/elementor\/thumbs\/1010295_Dec21_236_XF-compressed-puic55xgu2s1ap4u2v53ft1hirng7hj3gq00c0w8ta.jpg\" title=\"1010295_Dec21_236_XF-compressed\" alt=\"1010295_Dec21_236_XF-compressed\" loading=\"lazy\" \/>\t\t\t\t\t\t\t\t<\/a>\n\t\t\t\t\t\t\t\t\t\t\t\t\t\t\t<\/div>\n\t\t\t\t<\/div>\n\t\t\t\t\t<\/div>\n\t\t<\/div>\n\t\t\t\t\t<\/div>\n\t\t<\/section>\n\t\t\t\t<section class=\"elementor-section elementor-top-section elementor-element elementor-element-fa19504 elementor-section-boxed elementor-section-height-default elementor-section-height-default\" data-id=\"fa19504\" data-element_type=\"section\" data-e-type=\"section\" data-settings=\"{&quot;_ob_glider_is_slider&quot;:&quot;no&quot;}\">\n\t\t\t\t\t\t<div class=\"elementor-container elementor-column-gap-default\">\n\t\t\t\t\t<div class=\"elementor-column elementor-col-100 elementor-top-column elementor-element elementor-element-2d2a829\" data-id=\"2d2a829\" data-element_type=\"column\" data-e-type=\"column\" data-settings=\"{&quot;_ob_column_hoveranimator&quot;:&quot;no&quot;,&quot;_ob_column_has_pseudo&quot;:&quot;no&quot;}\">\n\t\t\t<div class=\"elementor-widget-wrap elementor-element-populated\">\n\t\t\t\t\t\t<div class=\"elementor-element elementor-element-5c617b1 ob-has-background-overlay elementor-widget elementor-widget-gallery\" data-id=\"5c617b1\" data-element_type=\"widget\" data-e-type=\"widget\" data-settings=\"{&quot;columns&quot;:3,&quot;columns_tablet&quot;:3,&quot;gap&quot;:{&quot;unit&quot;:&quot;px&quot;,&quot;size&quot;:15,&quot;sizes&quot;:[]},&quot;gap_tablet&quot;:{&quot;unit&quot;:&quot;px&quot;,&quot;size&quot;:15,&quot;sizes&quot;:[]},&quot;lazyload&quot;:&quot;yes&quot;,&quot;gallery_layout&quot;:&quot;grid&quot;,&quot;columns_mobile&quot;:1,&quot;gap_mobile&quot;:{&quot;unit&quot;:&quot;px&quot;,&quot;size&quot;:10,&quot;sizes&quot;:[]},&quot;link_to&quot;:&quot;file&quot;,&quot;aspect_ratio&quot;:&quot;3:2&quot;,&quot;overlay_background&quot;:&quot;yes&quot;,&quot;content_hover_animation&quot;:&quot;fade-in&quot;,&quot;_ob_widget_stalker_use&quot;:&quot;no&quot;,&quot;_ob_poopart_use&quot;:&quot;yes&quot;,&quot;_ob_shadough_use&quot;:&quot;no&quot;,&quot;_ob_allow_hoveranimator&quot;:&quot;no&quot;}\" data-widget_type=\"gallery.default\">\n\t\t\t\t<div class=\"elementor-widget-container\">\n\t\t\t\t\t\t\t<div class=\"elementor-gallery__container\">\n\t\t\t\t\t\t\t<a class=\"e-gallery-item elementor-gallery-item elementor-animated-content\" href=\"https:\/\/www.aalborg-hotel.fr\/wp-content\/uploads\/2021\/11\/hotel-les-deux-alpes.jpg\" data-elementor-open-lightbox=\"yes\" data-elementor-lightbox-slideshow=\"5c617b1\" data-elementor-lightbox-title=\"h\u00f4tel les deux alpes\" data-e-action-hash=\"#elementor-action%3Aaction%3Dlightbox%26settings%3DeyJpZCI6MTk2NiwidXJsIjoiaHR0cHM6XC9cL3d3dy5hYWxib3JnLWhvdGVsLmZyXC93cC1jb250ZW50XC91cGxvYWRzXC8yMDIxXC8xMVwvaG90ZWwtbGVzLWRldXgtYWxwZXMuanBnIiwic2xpZGVzaG93IjoiNWM2MTdiMSJ9\">\n\t\t\t\t\t<div class=\"e-gallery-image elementor-gallery-item__image\" data-thumbnail=\"https:\/\/www.aalborg-hotel.fr\/wp-content\/uploads\/2021\/11\/hotel-les-deux-alpes-1024x975.jpg\" data-width=\"800\" data-height=\"762\" aria-label=\"\" role=\"img\" ><\/div>\n\t\t\t\t\t\t\t\t\t\t\t<div class=\"elementor-gallery-item__overlay\"><\/div>\n\t\t\t\t\t\t\t\t\t\t\t\t\t\t<\/a>\n\t\t\t\t\t\t\t<a class=\"e-gallery-item elementor-gallery-item elementor-animated-content\" href=\"https:\/\/www.aalborg-hotel.fr\/wp-content\/uploads\/2021\/11\/Hotel-les-2-alpes-scaled.jpg\" data-elementor-open-lightbox=\"yes\" data-elementor-lightbox-slideshow=\"5c617b1\" data-elementor-lightbox-title=\"H\u00f4tel les 2 alpes\" data-e-action-hash=\"#elementor-action%3Aaction%3Dlightbox%26settings%3DeyJpZCI6MTk2NSwidXJsIjoiaHR0cHM6XC9cL3d3dy5hYWxib3JnLWhvdGVsLmZyXC93cC1jb250ZW50XC91cGxvYWRzXC8yMDIxXC8xMVwvSG90ZWwtbGVzLTItYWxwZXMtc2NhbGVkLmpwZyIsInNsaWRlc2hvdyI6IjVjNjE3YjEifQ%3D%3D\">\n\t\t\t\t\t<div class=\"e-gallery-image elementor-gallery-item__image\" data-thumbnail=\"https:\/\/www.aalborg-hotel.fr\/wp-content\/uploads\/2021\/11\/Hotel-les-2-alpes-1024x768.jpg\" data-width=\"800\" data-height=\"600\" aria-label=\"\" role=\"img\" ><\/div>\n\t\t\t\t\t\t\t\t\t\t\t<div class=\"elementor-gallery-item__overlay\"><\/div>\n\t\t\t\t\t\t\t\t\t\t\t\t\t\t<\/a>\n\t\t\t\t\t\t\t<a class=\"e-gallery-item elementor-gallery-item elementor-animated-content\" href=\"https:\/\/www.aalborg-hotel.fr\/wp-content\/uploads\/2021\/11\/hotel-aalborg-les-2-alpes-scaled.jpg\" data-elementor-open-lightbox=\"yes\" data-elementor-lightbox-slideshow=\"5c617b1\" data-elementor-lightbox-title=\"h\u00f4tel aalborg les 2 alpes\" data-e-action-hash=\"#elementor-action%3Aaction%3Dlightbox%26settings%3DeyJpZCI6MTk2NCwidXJsIjoiaHR0cHM6XC9cL3d3dy5hYWxib3JnLWhvdGVsLmZyXC93cC1jb250ZW50XC91cGxvYWRzXC8yMDIxXC8xMVwvaG90ZWwtYWFsYm9yZy1sZXMtMi1hbHBlcy1zY2FsZWQuanBnIiwic2xpZGVzaG93IjoiNWM2MTdiMSJ9\">\n\t\t\t\t\t<div class=\"e-gallery-image elementor-gallery-item__image\" data-thumbnail=\"https:\/\/www.aalborg-hotel.fr\/wp-content\/uploads\/2021\/11\/hotel-aalborg-les-2-alpes-1024x768.jpg\" data-width=\"800\" data-height=\"600\" aria-label=\"\" role=\"img\" ><\/div>\n\t\t\t\t\t\t\t\t\t\t\t<div class=\"elementor-gallery-item__overlay\"><\/div>\n\t\t\t\t\t\t\t\t\t\t\t\t\t\t<\/a>\n\t\t\t\t\t<\/div>\n\t\t\t\t\t<\/div>\n\t\t\t\t<\/div>\n\t\t\t\t\t<\/div>\n\t\t<\/div>\n\t\t\t\t\t<\/div>\n\t\t<\/section>\n\t\t\t\t<section class=\"elementor-section elementor-top-section elementor-element elementor-element-ec256ce elementor-section-boxed elementor-section-height-default elementor-section-height-default\" data-id=\"ec256ce\" data-element_type=\"section\" data-e-type=\"section\" data-settings=\"{&quot;_ob_glider_is_slider&quot;:&quot;no&quot;}\">\n\t\t\t\t\t\t<div class=\"elementor-container elementor-column-gap-default\">\n\t\t\t\t\t<div class=\"elementor-column elementor-col-66 elementor-top-column elementor-element elementor-element-f33389b\" data-id=\"f33389b\" data-element_type=\"column\" data-e-type=\"column\" data-settings=\"{&quot;_ob_column_hoveranimator&quot;:&quot;no&quot;,&quot;_ob_column_has_pseudo&quot;:&quot;no&quot;}\">\n\t\t\t<div class=\"elementor-widget-wrap elementor-element-populated\">\n\t\t\t\t\t\t<section class=\"elementor-section elementor-inner-section elementor-element elementor-element-944c0b1 elementor-section-boxed elementor-section-height-default elementor-section-height-default\" data-id=\"944c0b1\" data-element_type=\"section\" data-e-type=\"section\" data-settings=\"{&quot;_ob_glider_is_slider&quot;:&quot;no&quot;}\">\n\t\t\t\t\t\t<div class=\"elementor-container elementor-column-gap-default\">\n\t\t\t\t\t<div class=\"elementor-column elementor-col-100 elementor-inner-column elementor-element elementor-element-f05ded2\" data-id=\"f05ded2\" data-element_type=\"column\" data-e-type=\"column\" data-settings=\"{&quot;_ob_column_hoveranimator&quot;:&quot;no&quot;,&quot;_ob_column_has_pseudo&quot;:&quot;no&quot;}\">\n\t\t\t<div class=\"elementor-widget-wrap elementor-element-populated\">\n\t\t\t\t\t\t<div class=\"elementor-element elementor-element-c7d1174 ob-harakiri-inherit ob-has-background-overlay elementor-widget elementor-widget-heading\" data-id=\"c7d1174\" data-element_type=\"widget\" data-e-type=\"widget\" data-settings=\"{&quot;_ob_use_harakiri&quot;:&quot;yes&quot;,&quot;_ob_harakiri_writing_mode&quot;:&quot;inherit&quot;,&quot;_ob_harakiri_text_clip&quot;:&quot;none&quot;,&quot;_ob_widget_stalker_use&quot;:&quot;no&quot;,&quot;_ob_poopart_use&quot;:&quot;yes&quot;,&quot;_ob_shadough_use&quot;:&quot;no&quot;,&quot;_ob_allow_hoveranimator&quot;:&quot;no&quot;}\" data-widget_type=\"heading.default\">\n\t\t\t\t<div class=\"elementor-widget-container\">\n\t\t\t\t\t<h1 class=\"elementor-heading-title elementor-size-default\">NORDAUSRICHTUNG IM OBER- ODER ERDGESCHOSS<\/h1>\t\t\t\t<\/div>\n\t\t\t\t<\/div>\n\t\t\t\t<div class=\"elementor-element elementor-element-e852bbb ob-harakiri-inherit ob-has-background-overlay elementor-widget elementor-widget-text-editor\" data-id=\"e852bbb\" data-element_type=\"widget\" data-e-type=\"widget\" data-settings=\"{&quot;_ob_use_harakiri&quot;:&quot;yes&quot;,&quot;_ob_harakiri_writing_mode&quot;:&quot;inherit&quot;,&quot;_ob_postman_use&quot;:&quot;no&quot;,&quot;_ob_widget_stalker_use&quot;:&quot;no&quot;,&quot;_ob_poopart_use&quot;:&quot;yes&quot;,&quot;_ob_shadough_use&quot;:&quot;no&quot;,&quot;_ob_allow_hoveranimator&quot;:&quot;no&quot;}\" data-widget_type=\"text-editor.default\">\n\t\t\t\t<div class=\"elementor-widget-container\">\n\t\t\t\t\t\t\t\t\t<p>Diese klassischen Zimmer mit Balkon k\u00f6nnen als Doppel- oder Zweibettzimmer eingerichtet werden und sind in zwei Gr\u00f6\u00dfen erh\u00e4ltlich.<br>bieten einen Blick auf das bewaldete Gel\u00e4nde, das das Hotel Aalborg les 2 alpes umgibt.<br>Es besteht die M\u00f6glichkeit, ein Babybett hinzuzuf\u00fcgen.<br>Einige Zimmer k\u00f6nnen die <em>Personen<\/em> mit eingeschr\u00e4nkter Mobilit\u00e4t.&nbsp;<\/p>\n<p><strong><em>NICHT VERTRAGLICHE FOTOS<\/em><\/strong><\/p>\t\t\t\t\t\t\t\t<\/div>\n\t\t\t\t<\/div>\n\t\t\t\t\t<\/div>\n\t\t<\/div>\n\t\t\t\t\t<\/div>\n\t\t<\/section>\n\t\t\t\t\t<\/div>\n\t\t<\/div>\n\t\t\t\t<div class=\"elementor-column elementor-col-33 elementor-top-column elementor-element elementor-element-de39b5e\" data-id=\"de39b5e\" data-element_type=\"column\" data-e-type=\"column\" data-settings=\"{&quot;_ob_column_hoveranimator&quot;:&quot;no&quot;,&quot;_ob_column_has_pseudo&quot;:&quot;no&quot;}\">\n\t\t\t<div class=\"elementor-widget-wrap elementor-element-populated\">\n\t\t\t\t\t\t<section class=\"elementor-section elementor-inner-section elementor-element elementor-element-7e09a09 elementor-section-boxed elementor-section-height-default elementor-section-height-default\" data-id=\"7e09a09\" data-element_type=\"section\" data-e-type=\"section\" data-settings=\"{&quot;_ob_glider_is_slider&quot;:&quot;no&quot;}\">\n\t\t\t\t\t\t<div class=\"elementor-container elementor-column-gap-default\">\n\t\t\t\t\t<div class=\"elementor-column elementor-col-100 elementor-inner-column elementor-element elementor-element-0644d74\" data-id=\"0644d74\" data-element_type=\"column\" data-e-type=\"column\" data-settings=\"{&quot;_ob_column_hoveranimator&quot;:&quot;no&quot;,&quot;_ob_column_has_pseudo&quot;:&quot;no&quot;}\">\n\t\t\t<div class=\"elementor-widget-wrap elementor-element-populated\">\n\t\t\t\t\t\t<div class=\"elementor-element elementor-element-6967882 ob-harakiri-inherit ob-has-background-overlay elementor-widget elementor-widget-text-editor\" data-id=\"6967882\" data-element_type=\"widget\" data-e-type=\"widget\" data-settings=\"{&quot;_ob_use_harakiri&quot;:&quot;yes&quot;,&quot;_ob_harakiri_writing_mode&quot;:&quot;inherit&quot;,&quot;_ob_postman_use&quot;:&quot;no&quot;,&quot;_ob_widget_stalker_use&quot;:&quot;no&quot;,&quot;_ob_poopart_use&quot;:&quot;yes&quot;,&quot;_ob_shadough_use&quot;:&quot;no&quot;,&quot;_ob_allow_hoveranimator&quot;:&quot;no&quot;}\" data-widget_type=\"text-editor.default\">\n\t\t\t\t<div class=\"elementor-widget-container\">\n\t\t\t\t\t\t\t\t\t<ul>\n<li>1 bis 2 Personen \/ 19m\u00b2 \/ 1,5 Hektar<\/li>\n<li>B\u00fcro<\/li>\n<li>Flachbildfernseher<\/li>\n<li>Kostenloses WiFi<\/li>\n<li>Telefon<\/li>\n<li>Sicher<\/li>\n<li>Balkon 2.5m<\/li>\n<li>Badezimmer mit Dusche oder Badewanne<\/li>\n<li>Haartrockner<\/li>\n<li>PRM-Zugang<\/li>\n<\/ul>\t\t\t\t\t\t\t\t<\/div>\n\t\t\t\t<\/div>\n\t\t\t\t\t<\/div>\n\t\t<\/div>\n\t\t\t\t\t<\/div>\n\t\t<\/section>\n\t\t\t\t\t<\/div>\n\t\t<\/div>\n\t\t\t\t\t<\/div>\n\t\t<\/section>\n\t\t\t\t<section class=\"elementor-section elementor-top-section elementor-element elementor-element-810c645 section-chambres elementor-section-boxed elementor-section-height-default elementor-section-height-default\" data-id=\"810c645\" data-element_type=\"section\" data-e-type=\"section\" data-settings=\"{&quot;background_background&quot;:&quot;gradient&quot;,&quot;_ob_glider_is_slider&quot;:&quot;no&quot;}\">\n\t\t\t\t\t\t\t<div class=\"elementor-background-overlay\"><\/div>\n\t\t\t\t\t\t\t<div class=\"elementor-container elementor-column-gap-default\">\n\t\t\t\t\t<div class=\"make-column-clickable-elementor elementor-column elementor-col-33 elementor-top-column elementor-element elementor-element-636844a colonne-section-chambres\" style=\"cursor: pointer;\" data-column-clickable=\"https:\/\/www.aalborg-hotel.fr\/de\/hotel-les-deux-alpes\/double-rez-de-neige\/\" data-column-clickable-blank=\"_self\" data-id=\"636844a\" data-element_type=\"column\" data-e-type=\"column\" data-settings=\"{&quot;background_background&quot;:&quot;classic&quot;,&quot;_ob_column_hoveranimator&quot;:&quot;no&quot;,&quot;_ob_column_has_pseudo&quot;:&quot;no&quot;}\">\n\t\t\t<div class=\"elementor-widget-wrap elementor-element-populated\">\n\t\t\t\t\t\t<div class=\"elementor-element elementor-element-f70ced9 ob-has-background-overlay elementor-widget elementor-widget-image\" data-id=\"f70ced9\" data-element_type=\"widget\" data-e-type=\"widget\" data-settings=\"{&quot;_ob_photomorph_use&quot;:&quot;no&quot;,&quot;_ob_widget_stalker_use&quot;:&quot;no&quot;,&quot;_ob_poopart_use&quot;:&quot;yes&quot;,&quot;_ob_shadough_use&quot;:&quot;no&quot;,&quot;_ob_allow_hoveranimator&quot;:&quot;no&quot;}\" data-widget_type=\"image.default\">\n\t\t\t\t<div class=\"elementor-widget-container\">\n\t\t\t\t\t\t\t\t\t\t\t\t\t\t\t<img decoding=\"async\" src=\"https:\/\/www.aalborg-hotel.fr\/wp-content\/uploads\/elementor\/thumbs\/CHAMBRE-DOUBLE-STANDARD-scaled-qphq56utfoxnxrlvky7jq5w06xrx9j1hfpj9fykuqs.jpg\" title=\"STANDARD-DOPPELZIMMER\" alt=\"STANDARD-DOPPELZIMMER\" loading=\"lazy\" \/>\t\t\t\t\t\t\t\t\t\t\t\t\t\t\t<\/div>\n\t\t\t\t<\/div>\n\t\t\t\t<div class=\"elementor-element elementor-element-b398f04 ob-harakiri-inherit ob-has-background-overlay elementor-widget elementor-widget-heading\" data-id=\"b398f04\" data-element_type=\"widget\" data-e-type=\"widget\" data-settings=\"{&quot;_ob_use_harakiri&quot;:&quot;yes&quot;,&quot;_ob_harakiri_writing_mode&quot;:&quot;inherit&quot;,&quot;_ob_harakiri_text_clip&quot;:&quot;none&quot;,&quot;_ob_widget_stalker_use&quot;:&quot;no&quot;,&quot;_ob_poopart_use&quot;:&quot;yes&quot;,&quot;_ob_shadough_use&quot;:&quot;no&quot;,&quot;_ob_allow_hoveranimator&quot;:&quot;no&quot;}\" data-widget_type=\"heading.default\">\n\t\t\t\t<div class=\"elementor-widget-container\">\n\t\t\t\t\t<h2 class=\"elementor-heading-title elementor-size-default\">Doppeltes Schneer\u00fcckgrat<\/h2>\t\t\t\t<\/div>\n\t\t\t\t<\/div>\n\t\t\t\t<div class=\"elementor-element elementor-element-463aa60 ob-harakiri-inherit ob-has-background-overlay elementor-widget elementor-widget-text-editor\" data-id=\"463aa60\" data-element_type=\"widget\" data-e-type=\"widget\" data-settings=\"{&quot;_ob_use_harakiri&quot;:&quot;yes&quot;,&quot;_ob_harakiri_writing_mode&quot;:&quot;inherit&quot;,&quot;_ob_postman_use&quot;:&quot;no&quot;,&quot;_ob_widget_stalker_use&quot;:&quot;no&quot;,&quot;_ob_poopart_use&quot;:&quot;yes&quot;,&quot;_ob_shadough_use&quot;:&quot;no&quot;,&quot;_ob_allow_hoveranimator&quot;:&quot;no&quot;}\" data-widget_type=\"text-editor.default\">\n\t\t\t\t<div class=\"elementor-widget-container\">\n\t\t\t\t\t\t\t\t\t<p>Diese klassischen Zimmer mit Balkon k\u00f6nnen als Doppel- oder Zweibettzimmer vorbereitet werden.<\/p><p>\u00a0<\/p>\t\t\t\t\t\t\t\t<\/div>\n\t\t\t\t<\/div>\n\t\t\t\t<div class=\"elementor-element elementor-element-f5c7900 bouton-maillage elementor-widget__width-auto ob-has-background-overlay elementor-widget elementor-widget-button\" data-id=\"f5c7900\" data-element_type=\"widget\" data-e-type=\"widget\" data-settings=\"{&quot;_ob_butterbutton_use_it&quot;:&quot;no&quot;,&quot;_ob_widget_stalker_use&quot;:&quot;no&quot;,&quot;_ob_poopart_use&quot;:&quot;yes&quot;,&quot;_ob_shadough_use&quot;:&quot;no&quot;,&quot;_ob_allow_hoveranimator&quot;:&quot;no&quot;}\" data-widget_type=\"button.default\">\n\t\t\t\t<div class=\"elementor-widget-container\">\n\t\t\t\t\t\t\t\t\t<div class=\"elementor-button-wrapper\">\n\t\t\t\t\t<a class=\"elementor-button elementor-button-link elementor-size-lg\" href=\"https:\/\/www.aalborg-hotel.fr\/de\/hotel-les-deux-alpes\/double-rez-de-neige\/\">\n\t\t\t\t\t\t<span class=\"elementor-button-content-wrapper\">\n\t\t\t\t\t\t<span class=\"elementor-button-icon\">\n\t\t\t\t<i aria-hidden=\"true\" class=\"eliofont eliofont-arrow-right\"><\/i>\t\t\t<\/span>\n\t\t\t\t\t\t\t\t\t<span class=\"elementor-button-text\">Entdecken Sie<\/span>\n\t\t\t\t\t<\/span>\n\t\t\t\t\t<\/a>\n\t\t\t\t<\/div>\n\t\t\t\t\t\t\t\t<\/div>\n\t\t\t\t<\/div>\n\t\t\t\t\t<\/div>\n\t\t<\/div>\n\t\t\t\t<div class=\"make-column-clickable-elementor elementor-column elementor-col-33 elementor-top-column elementor-element elementor-element-16198e4 colonne-section-chambres\" style=\"cursor: pointer;\" data-column-clickable=\"https:\/\/www.aalborg-hotel.fr\/de\/hotel-les-deux-alpes\/aalborg-les-2-alpes\/\" data-column-clickable-blank=\"_self\" data-id=\"16198e4\" data-element_type=\"column\" data-e-type=\"column\" data-settings=\"{&quot;background_background&quot;:&quot;classic&quot;,&quot;_ob_column_hoveranimator&quot;:&quot;no&quot;,&quot;_ob_column_has_pseudo&quot;:&quot;no&quot;}\">\n\t\t\t<div class=\"elementor-widget-wrap elementor-element-populated\">\n\t\t\t\t\t\t<div class=\"elementor-element elementor-element-5df95e1 ob-has-background-overlay elementor-widget elementor-widget-image\" data-id=\"5df95e1\" data-element_type=\"widget\" data-e-type=\"widget\" data-settings=\"{&quot;_ob_photomorph_use&quot;:&quot;no&quot;,&quot;_ob_widget_stalker_use&quot;:&quot;no&quot;,&quot;_ob_poopart_use&quot;:&quot;yes&quot;,&quot;_ob_shadough_use&quot;:&quot;no&quot;,&quot;_ob_allow_hoveranimator&quot;:&quot;no&quot;}\" data-widget_type=\"image.default\">\n\t\t\t\t<div class=\"elementor-widget-container\">\n\t\t\t\t\t\t\t\t\t\t\t\t\t\t\t<img decoding=\"async\" src=\"https:\/\/www.aalborg-hotel.fr\/wp-content\/uploads\/elementor\/thumbs\/1010295_Dec21_043_XF1-compressed-puic1qsjl9ghgbxcdm3fliyapv53xsvq4553oc6qas.jpg\" title=\"1010295_Dec21_043_XF(1)-compressed\" alt=\"1010295_Dec21_043_XF(1)-compressed\" loading=\"lazy\" \/>\t\t\t\t\t\t\t\t\t\t\t\t\t\t\t<\/div>\n\t\t\t\t<\/div>\n\t\t\t\t<div class=\"elementor-element elementor-element-9f7b27a ob-harakiri-inherit ob-has-background-overlay elementor-widget elementor-widget-heading\" data-id=\"9f7b27a\" data-element_type=\"widget\" data-e-type=\"widget\" data-settings=\"{&quot;_ob_use_harakiri&quot;:&quot;yes&quot;,&quot;_ob_harakiri_writing_mode&quot;:&quot;inherit&quot;,&quot;_ob_harakiri_text_clip&quot;:&quot;none&quot;,&quot;_ob_widget_stalker_use&quot;:&quot;no&quot;,&quot;_ob_poopart_use&quot;:&quot;yes&quot;,&quot;_ob_shadough_use&quot;:&quot;no&quot;,&quot;_ob_allow_hoveranimator&quot;:&quot;no&quot;}\" data-widget_type=\"heading.default\">\n\t\t\t\t<div class=\"elementor-widget-container\">\n\t\t\t\t\t<h2 class=\"elementor-heading-title elementor-size-default\">Doppelte Spitze<\/h2>\t\t\t\t<\/div>\n\t\t\t\t<\/div>\n\t\t\t\t<div class=\"elementor-element elementor-element-1e6797b ob-harakiri-inherit ob-has-background-overlay elementor-widget elementor-widget-text-editor\" data-id=\"1e6797b\" data-element_type=\"widget\" data-e-type=\"widget\" data-settings=\"{&quot;_ob_use_harakiri&quot;:&quot;yes&quot;,&quot;_ob_harakiri_writing_mode&quot;:&quot;inherit&quot;,&quot;_ob_postman_use&quot;:&quot;no&quot;,&quot;_ob_widget_stalker_use&quot;:&quot;no&quot;,&quot;_ob_poopart_use&quot;:&quot;yes&quot;,&quot;_ob_shadough_use&quot;:&quot;no&quot;,&quot;_ob_allow_hoveranimator&quot;:&quot;no&quot;}\" data-widget_type=\"text-editor.default\">\n\t\t\t\t<div class=\"elementor-widget-container\">\n\t\t\t\t\t\t\t\t\t<p><span style=\"font-weight: 400;\">Ein ger\u00e4umiges Zimmer mit einem S\u00fcdbalkon, der einen atemberaubenden Blick auf Ihren Komfort bietet.<\/span><\/p>\t\t\t\t\t\t\t\t<\/div>\n\t\t\t\t<\/div>\n\t\t\t\t<div class=\"elementor-element elementor-element-2992f95 bouton-maillage elementor-widget__width-auto ob-has-background-overlay elementor-widget elementor-widget-button\" data-id=\"2992f95\" data-element_type=\"widget\" data-e-type=\"widget\" data-settings=\"{&quot;_ob_butterbutton_use_it&quot;:&quot;no&quot;,&quot;_ob_widget_stalker_use&quot;:&quot;no&quot;,&quot;_ob_poopart_use&quot;:&quot;yes&quot;,&quot;_ob_shadough_use&quot;:&quot;no&quot;,&quot;_ob_allow_hoveranimator&quot;:&quot;no&quot;}\" data-widget_type=\"button.default\">\n\t\t\t\t<div class=\"elementor-widget-container\">\n\t\t\t\t\t\t\t\t\t<div class=\"elementor-button-wrapper\">\n\t\t\t\t\t<a class=\"elementor-button elementor-button-link elementor-size-lg\" href=\"https:\/\/www.aalborg-hotel.fr\/de\/hotel-les-deux-alpes\/aalborg-les-2-alpes\/\">\n\t\t\t\t\t\t<span class=\"elementor-button-content-wrapper\">\n\t\t\t\t\t\t<span class=\"elementor-button-icon\">\n\t\t\t\t<i aria-hidden=\"true\" class=\"eliofont eliofont-arrow-right\"><\/i>\t\t\t<\/span>\n\t\t\t\t\t\t\t\t\t<span class=\"elementor-button-text\">Entdecken Sie<\/span>\n\t\t\t\t\t<\/span>\n\t\t\t\t\t<\/a>\n\t\t\t\t<\/div>\n\t\t\t\t\t\t\t\t<\/div>\n\t\t\t\t<\/div>\n\t\t\t\t<div class=\"elementor-element elementor-element-7940ea9 elementor-widget__width-auto ob-has-background-overlay elementor-widget elementor-widget-button\" data-id=\"7940ea9\" data-element_type=\"widget\" data-e-type=\"widget\" data-settings=\"{&quot;_ob_butterbutton_use_it&quot;:&quot;no&quot;,&quot;_ob_widget_stalker_use&quot;:&quot;no&quot;,&quot;_ob_poopart_use&quot;:&quot;yes&quot;,&quot;_ob_shadough_use&quot;:&quot;no&quot;,&quot;_ob_allow_hoveranimator&quot;:&quot;no&quot;}\" data-widget_type=\"button.default\">\n\t\t\t\t<div class=\"elementor-widget-container\">\n\t\t\t\t\t\t\t\t\t<div class=\"elementor-button-wrapper\">\n\t\t\t\t\t<a class=\"elementor-button elementor-button-link elementor-size-lg\" href=\"https:\/\/www.secure-hotel-booking.com\/Hotel-Aalborg\/JIR3?hotelId=25486&#038;roomid=113458\" target=\"_blank\" rel=\"nofollow noopener\">\n\t\t\t\t\t\t<span class=\"elementor-button-content-wrapper\">\n\t\t\t\t\t\t<span class=\"elementor-button-icon\">\n\t\t\t\t<i aria-hidden=\"true\" class=\"eliofont eliofont-calendar\"><\/i>\t\t\t<\/span>\n\t\t\t\t\t\t\t\t\t<span class=\"elementor-button-text\">Buch<\/span>\n\t\t\t\t\t<\/span>\n\t\t\t\t\t<\/a>\n\t\t\t\t<\/div>\n\t\t\t\t\t\t\t\t<\/div>\n\t\t\t\t<\/div>\n\t\t\t\t\t<\/div>\n\t\t<\/div>\n\t\t\t\t<div class=\"make-column-clickable-elementor elementor-column elementor-col-33 elementor-top-column elementor-element elementor-element-65711e6 colonne-section-chambres\" style=\"cursor: pointer;\" data-column-clickable=\"https:\/\/www.aalborg-hotel.fr\/de\/hotel-les-deux-alpes\/les-2-alpes-hotel-aalborg\/\" data-column-clickable-blank=\"_self\" data-id=\"65711e6\" data-element_type=\"column\" data-e-type=\"column\" data-settings=\"{&quot;background_background&quot;:&quot;classic&quot;,&quot;_ob_column_hoveranimator&quot;:&quot;no&quot;,&quot;_ob_column_has_pseudo&quot;:&quot;no&quot;}\">\n\t\t\t<div class=\"elementor-widget-wrap elementor-element-populated\">\n\t\t\t\t\t\t<div class=\"elementor-element elementor-element-5a45de8 ob-has-background-overlay elementor-widget elementor-widget-image\" data-id=\"5a45de8\" data-element_type=\"widget\" data-e-type=\"widget\" data-settings=\"{&quot;_ob_photomorph_use&quot;:&quot;no&quot;,&quot;_ob_widget_stalker_use&quot;:&quot;no&quot;,&quot;_ob_poopart_use&quot;:&quot;yes&quot;,&quot;_ob_shadough_use&quot;:&quot;no&quot;,&quot;_ob_allow_hoveranimator&quot;:&quot;no&quot;}\" data-widget_type=\"image.default\">\n\t\t\t\t<div class=\"elementor-widget-container\">\n\t\t\t\t\t\t\t\t\t\t\t\t\t\t\t<img decoding=\"async\" src=\"https:\/\/www.aalborg-hotel.fr\/wp-content\/uploads\/elementor\/thumbs\/hotel-les-deux-alpes-2-scaled-pfkbs0j2v26vezoismguel379fqnq10z2svh2167xg.jpg\" title=\"hotel les deux alpes\" alt=\"hotel les deux alpes\" loading=\"lazy\" \/>\t\t\t\t\t\t\t\t\t\t\t\t\t\t\t<\/div>\n\t\t\t\t<\/div>\n\t\t\t\t<div class=\"elementor-element elementor-element-ddc67fc ob-harakiri-inherit ob-has-background-overlay elementor-widget elementor-widget-heading\" data-id=\"ddc67fc\" data-element_type=\"widget\" data-e-type=\"widget\" data-settings=\"{&quot;_ob_use_harakiri&quot;:&quot;yes&quot;,&quot;_ob_harakiri_writing_mode&quot;:&quot;inherit&quot;,&quot;_ob_harakiri_text_clip&quot;:&quot;none&quot;,&quot;_ob_widget_stalker_use&quot;:&quot;no&quot;,&quot;_ob_poopart_use&quot;:&quot;yes&quot;,&quot;_ob_shadough_use&quot;:&quot;no&quot;,&quot;_ob_allow_hoveranimator&quot;:&quot;no&quot;}\" data-widget_type=\"heading.default\">\n\t\t\t\t<div class=\"elementor-widget-container\">\n\t\t\t\t\t<h2 class=\"elementor-heading-title elementor-size-default\">Dreifacher Standard<\/h2>\t\t\t\t<\/div>\n\t\t\t\t<\/div>\n\t\t\t\t<div class=\"elementor-element elementor-element-bf4a867 ob-harakiri-inherit ob-has-background-overlay elementor-widget elementor-widget-text-editor\" data-id=\"bf4a867\" data-element_type=\"widget\" data-e-type=\"widget\" data-settings=\"{&quot;_ob_use_harakiri&quot;:&quot;yes&quot;,&quot;_ob_harakiri_writing_mode&quot;:&quot;inherit&quot;,&quot;_ob_postman_use&quot;:&quot;no&quot;,&quot;_ob_widget_stalker_use&quot;:&quot;no&quot;,&quot;_ob_poopart_use&quot;:&quot;yes&quot;,&quot;_ob_shadough_use&quot;:&quot;no&quot;,&quot;_ob_allow_hoveranimator&quot;:&quot;no&quot;}\" data-widget_type=\"text-editor.default\">\n\t\t\t\t<div class=\"elementor-widget-container\">\n\t\t\t\t\t\t\t\t\t<p>Ein gro\u00dfer modularer Raum f\u00fcr Ihren Aufenthalt im<br \/>Berg.<\/p>\t\t\t\t\t\t\t\t<\/div>\n\t\t\t\t<\/div>\n\t\t\t\t<div class=\"elementor-element elementor-element-e308eb0 bouton-maillage elementor-widget__width-auto ob-has-background-overlay elementor-widget elementor-widget-button\" data-id=\"e308eb0\" data-element_type=\"widget\" data-e-type=\"widget\" data-settings=\"{&quot;_ob_butterbutton_use_it&quot;:&quot;no&quot;,&quot;_ob_widget_stalker_use&quot;:&quot;no&quot;,&quot;_ob_poopart_use&quot;:&quot;yes&quot;,&quot;_ob_shadough_use&quot;:&quot;no&quot;,&quot;_ob_allow_hoveranimator&quot;:&quot;no&quot;}\" data-widget_type=\"button.default\">\n\t\t\t\t<div class=\"elementor-widget-container\">\n\t\t\t\t\t\t\t\t\t<div class=\"elementor-button-wrapper\">\n\t\t\t\t\t<a class=\"elementor-button elementor-button-link elementor-size-lg\" href=\"https:\/\/www.aalborg-hotel.fr\/de\/hotel-les-deux-alpes\/les-2-alpes-hotel-aalborg\/\">\n\t\t\t\t\t\t<span class=\"elementor-button-content-wrapper\">\n\t\t\t\t\t\t<span class=\"elementor-button-icon\">\n\t\t\t\t<i aria-hidden=\"true\" class=\"eliofont eliofont-arrow-right\"><\/i>\t\t\t<\/span>\n\t\t\t\t\t\t\t\t\t<span class=\"elementor-button-text\">Entdecken Sie<\/span>\n\t\t\t\t\t<\/span>\n\t\t\t\t\t<\/a>\n\t\t\t\t<\/div>\n\t\t\t\t\t\t\t\t<\/div>\n\t\t\t\t<\/div>\n\t\t\t\t<div class=\"elementor-element elementor-element-be8543c elementor-widget__width-auto ob-has-background-overlay elementor-widget elementor-widget-button\" data-id=\"be8543c\" data-element_type=\"widget\" data-e-type=\"widget\" data-settings=\"{&quot;_ob_butterbutton_use_it&quot;:&quot;no&quot;,&quot;_ob_widget_stalker_use&quot;:&quot;no&quot;,&quot;_ob_poopart_use&quot;:&quot;yes&quot;,&quot;_ob_shadough_use&quot;:&quot;no&quot;,&quot;_ob_allow_hoveranimator&quot;:&quot;no&quot;}\" data-widget_type=\"button.default\">\n\t\t\t\t<div class=\"elementor-widget-container\">\n\t\t\t\t\t\t\t\t\t<div class=\"elementor-button-wrapper\">\n\t\t\t\t\t<a class=\"elementor-button elementor-button-link elementor-size-lg\" href=\"https:\/\/www.secure-hotel-booking.com\/Hotel-Aalborg\/JIR3?hotelId=25486&#038;roomid=113459\" target=\"_blank\" rel=\"nofollow noopener\">\n\t\t\t\t\t\t<span class=\"elementor-button-content-wrapper\">\n\t\t\t\t\t\t<span class=\"elementor-button-icon\">\n\t\t\t\t<i aria-hidden=\"true\" class=\"eliofont eliofont-calendar\"><\/i>\t\t\t<\/span>\n\t\t\t\t\t\t\t\t\t<span class=\"elementor-button-text\">Buch<\/span>\n\t\t\t\t\t<\/span>\n\t\t\t\t\t<\/a>\n\t\t\t\t<\/div>\n\t\t\t\t\t\t\t\t<\/div>\n\t\t\t\t<\/div>\n\t\t\t\t\t<\/div>\n\t\t<\/div>\n\t\t\t\t\t<\/div>\n\t\t<\/section>\n\t\t\t\t<section class=\"elementor-section elementor-top-section elementor-element elementor-element-2928344 section-chambres elementor-section-boxed elementor-section-height-default elementor-section-height-default\" data-id=\"2928344\" data-element_type=\"section\" data-e-type=\"section\" data-settings=\"{&quot;background_background&quot;:&quot;gradient&quot;,&quot;_ob_glider_is_slider&quot;:&quot;no&quot;}\">\n\t\t\t\t\t\t\t<div class=\"elementor-background-overlay\"><\/div>\n\t\t\t\t\t\t\t<div class=\"elementor-container elementor-column-gap-default\">\n\t\t\t\t\t<div class=\"make-column-clickable-elementor elementor-column elementor-col-33 elementor-top-column elementor-element elementor-element-11f76be colonne-section-chambres\" style=\"cursor: pointer;\" data-column-clickable=\"https:\/\/www.aalborg-hotel.fr\/de\/hotel-les-deux-alpes\/les-2-alpes-aalborg-hotel\/\" data-column-clickable-blank=\"_self\" data-id=\"11f76be\" data-element_type=\"column\" data-e-type=\"column\" data-settings=\"{&quot;background_background&quot;:&quot;classic&quot;,&quot;_ob_column_hoveranimator&quot;:&quot;no&quot;,&quot;_ob_column_has_pseudo&quot;:&quot;no&quot;}\">\n\t\t\t<div class=\"elementor-widget-wrap elementor-element-populated\">\n\t\t\t\t\t\t<div class=\"elementor-element elementor-element-a9b0c72 ob-has-background-overlay elementor-widget elementor-widget-image\" data-id=\"a9b0c72\" data-element_type=\"widget\" data-e-type=\"widget\" data-settings=\"{&quot;_ob_photomorph_use&quot;:&quot;no&quot;,&quot;_ob_widget_stalker_use&quot;:&quot;no&quot;,&quot;_ob_poopart_use&quot;:&quot;yes&quot;,&quot;_ob_shadough_use&quot;:&quot;no&quot;,&quot;_ob_allow_hoveranimator&quot;:&quot;no&quot;}\" data-widget_type=\"image.default\">\n\t\t\t\t<div class=\"elementor-widget-container\">\n\t\t\t\t\t\t\t\t\t\t\t\t\t\t\t<img decoding=\"async\" src=\"https:\/\/www.aalborg-hotel.fr\/wp-content\/uploads\/elementor\/thumbs\/chambre-triple-les-2-alpes-scaled-pfkbtbj0crz7jhs966s6v988ypb0ew7jx9hr1v8jac.jpg\" title=\"dreibettzimmer les 2 alpes\" alt=\"dreibettzimmer les 2 alpes\" loading=\"lazy\" \/>\t\t\t\t\t\t\t\t\t\t\t\t\t\t\t<\/div>\n\t\t\t\t<\/div>\n\t\t\t\t<div class=\"elementor-element elementor-element-a365e23 ob-harakiri-inherit ob-has-background-overlay elementor-widget elementor-widget-heading\" data-id=\"a365e23\" data-element_type=\"widget\" data-e-type=\"widget\" data-settings=\"{&quot;_ob_use_harakiri&quot;:&quot;yes&quot;,&quot;_ob_harakiri_writing_mode&quot;:&quot;inherit&quot;,&quot;_ob_harakiri_text_clip&quot;:&quot;none&quot;,&quot;_ob_widget_stalker_use&quot;:&quot;no&quot;,&quot;_ob_poopart_use&quot;:&quot;yes&quot;,&quot;_ob_shadough_use&quot;:&quot;no&quot;,&quot;_ob_allow_hoveranimator&quot;:&quot;no&quot;}\" data-widget_type=\"heading.default\">\n\t\t\t\t<div class=\"elementor-widget-container\">\n\t\t\t\t\t<h2 class=\"elementor-heading-title elementor-size-default\">Dreifach \u00fcberlegen<\/h2>\t\t\t\t<\/div>\n\t\t\t\t<\/div>\n\t\t\t\t<div class=\"elementor-element elementor-element-3df8e26 ob-harakiri-inherit ob-has-background-overlay elementor-widget elementor-widget-text-editor\" data-id=\"3df8e26\" data-element_type=\"widget\" data-e-type=\"widget\" data-settings=\"{&quot;_ob_use_harakiri&quot;:&quot;yes&quot;,&quot;_ob_harakiri_writing_mode&quot;:&quot;inherit&quot;,&quot;_ob_postman_use&quot;:&quot;no&quot;,&quot;_ob_widget_stalker_use&quot;:&quot;no&quot;,&quot;_ob_poopart_use&quot;:&quot;yes&quot;,&quot;_ob_shadough_use&quot;:&quot;no&quot;,&quot;_ob_allow_hoveranimator&quot;:&quot;no&quot;}\" data-widget_type=\"text-editor.default\">\n\t\t\t\t<div class=\"elementor-widget-container\">\n\t\t\t\t\t\t\t\t\t<p>Ein gro\u00dfer Modulraum mit Blick auf die Pisten f\u00fcr Ihren Aufenthalt in den Bergen.<\/p>\t\t\t\t\t\t\t\t<\/div>\n\t\t\t\t<\/div>\n\t\t\t\t<div class=\"elementor-element elementor-element-69f8c5e bouton-maillage elementor-widget__width-auto ob-has-background-overlay elementor-widget elementor-widget-button\" data-id=\"69f8c5e\" data-element_type=\"widget\" data-e-type=\"widget\" data-settings=\"{&quot;_ob_butterbutton_use_it&quot;:&quot;no&quot;,&quot;_ob_widget_stalker_use&quot;:&quot;no&quot;,&quot;_ob_poopart_use&quot;:&quot;yes&quot;,&quot;_ob_shadough_use&quot;:&quot;no&quot;,&quot;_ob_allow_hoveranimator&quot;:&quot;no&quot;}\" data-widget_type=\"button.default\">\n\t\t\t\t<div class=\"elementor-widget-container\">\n\t\t\t\t\t\t\t\t\t<div class=\"elementor-button-wrapper\">\n\t\t\t\t\t<a class=\"elementor-button elementor-button-link elementor-size-lg\" href=\"https:\/\/www.aalborg-hotel.fr\/de\/hotel-les-deux-alpes\/les-2-alpes-aalborg-hotel\/\">\n\t\t\t\t\t\t<span class=\"elementor-button-content-wrapper\">\n\t\t\t\t\t\t<span class=\"elementor-button-icon\">\n\t\t\t\t<i aria-hidden=\"true\" class=\"eliofont eliofont-arrow-right\"><\/i>\t\t\t<\/span>\n\t\t\t\t\t\t\t\t\t<span class=\"elementor-button-text\">Entdecken Sie<\/span>\n\t\t\t\t\t<\/span>\n\t\t\t\t\t<\/a>\n\t\t\t\t<\/div>\n\t\t\t\t\t\t\t\t<\/div>\n\t\t\t\t<\/div>\n\t\t\t\t<div class=\"elementor-element elementor-element-f9243b5 elementor-widget__width-auto ob-has-background-overlay elementor-widget elementor-widget-button\" data-id=\"f9243b5\" data-element_type=\"widget\" data-e-type=\"widget\" data-settings=\"{&quot;_ob_butterbutton_use_it&quot;:&quot;no&quot;,&quot;_ob_widget_stalker_use&quot;:&quot;no&quot;,&quot;_ob_poopart_use&quot;:&quot;yes&quot;,&quot;_ob_shadough_use&quot;:&quot;no&quot;,&quot;_ob_allow_hoveranimator&quot;:&quot;no&quot;}\" data-widget_type=\"button.default\">\n\t\t\t\t<div class=\"elementor-widget-container\">\n\t\t\t\t\t\t\t\t\t<div class=\"elementor-button-wrapper\">\n\t\t\t\t\t<a class=\"elementor-button elementor-button-link elementor-size-lg\" href=\"https:\/\/www.secure-hotel-booking.com\/Hotel-Aalborg\/JIR3?hotelId=25486&#038;roomid=113460\" target=\"_blank\" rel=\"nofollow noopener\">\n\t\t\t\t\t\t<span class=\"elementor-button-content-wrapper\">\n\t\t\t\t\t\t<span class=\"elementor-button-icon\">\n\t\t\t\t<i aria-hidden=\"true\" class=\"eliofont eliofont-calendar\"><\/i>\t\t\t<\/span>\n\t\t\t\t\t\t\t\t\t<span class=\"elementor-button-text\">Buch<\/span>\n\t\t\t\t\t<\/span>\n\t\t\t\t\t<\/a>\n\t\t\t\t<\/div>\n\t\t\t\t\t\t\t\t<\/div>\n\t\t\t\t<\/div>\n\t\t\t\t\t<\/div>\n\t\t<\/div>\n\t\t\t\t<div class=\"make-column-clickable-elementor elementor-column elementor-col-33 elementor-top-column elementor-element elementor-element-acfe4be colonne-section-chambres\" style=\"cursor: pointer;\" data-column-clickable=\"https:\/\/www.aalborg-hotel.fr\/de\/hotel-les-deux-alpes\/les-2-alpes-aalborg\/\" data-column-clickable-blank=\"_self\" data-id=\"acfe4be\" data-element_type=\"column\" data-e-type=\"column\" data-settings=\"{&quot;background_background&quot;:&quot;classic&quot;,&quot;_ob_column_hoveranimator&quot;:&quot;no&quot;,&quot;_ob_column_has_pseudo&quot;:&quot;no&quot;}\">\n\t\t\t<div class=\"elementor-widget-wrap elementor-element-populated\">\n\t\t\t\t\t\t<div class=\"elementor-element elementor-element-d6a74d4 ob-has-background-overlay elementor-widget elementor-widget-image\" data-id=\"d6a74d4\" data-element_type=\"widget\" data-e-type=\"widget\" data-settings=\"{&quot;_ob_photomorph_use&quot;:&quot;no&quot;,&quot;_ob_widget_stalker_use&quot;:&quot;no&quot;,&quot;_ob_poopart_use&quot;:&quot;yes&quot;,&quot;_ob_shadough_use&quot;:&quot;no&quot;,&quot;_ob_allow_hoveranimator&quot;:&quot;no&quot;}\" data-widget_type=\"image.default\">\n\t\t\t\t<div class=\"elementor-widget-container\">\n\t\t\t\t\t\t\t\t\t\t\t\t\t\t\t<img decoding=\"async\" src=\"https:\/\/www.aalborg-hotel.fr\/wp-content\/uploads\/elementor\/thumbs\/hotel-les-deux-alpes-6-scaled-pftup7e305tqorlpjwf96bio1bv88gkt1tlqgsu2zo.jpg\" title=\"hotel les deux alpes\" alt=\"hotel les deux alpes\" loading=\"lazy\" \/>\t\t\t\t\t\t\t\t\t\t\t\t\t\t\t<\/div>\n\t\t\t\t<\/div>\n\t\t\t\t<div class=\"elementor-element elementor-element-76a6e81 ob-harakiri-inherit ob-has-background-overlay elementor-widget elementor-widget-heading\" data-id=\"76a6e81\" data-element_type=\"widget\" data-e-type=\"widget\" data-settings=\"{&quot;_ob_use_harakiri&quot;:&quot;yes&quot;,&quot;_ob_harakiri_writing_mode&quot;:&quot;inherit&quot;,&quot;_ob_harakiri_text_clip&quot;:&quot;none&quot;,&quot;_ob_widget_stalker_use&quot;:&quot;no&quot;,&quot;_ob_poopart_use&quot;:&quot;yes&quot;,&quot;_ob_shadough_use&quot;:&quot;no&quot;,&quot;_ob_allow_hoveranimator&quot;:&quot;no&quot;}\" data-widget_type=\"heading.default\">\n\t\t\t\t<div class=\"elementor-widget-container\">\n\t\t\t\t\t<h2 class=\"elementor-heading-title elementor-size-default\">Standard-Familie<\/h2>\t\t\t\t<\/div>\n\t\t\t\t<\/div>\n\t\t\t\t<div class=\"elementor-element elementor-element-fc5900b ob-harakiri-inherit ob-has-background-overlay elementor-widget elementor-widget-text-editor\" data-id=\"fc5900b\" data-element_type=\"widget\" data-e-type=\"widget\" data-settings=\"{&quot;_ob_use_harakiri&quot;:&quot;yes&quot;,&quot;_ob_harakiri_writing_mode&quot;:&quot;inherit&quot;,&quot;_ob_postman_use&quot;:&quot;no&quot;,&quot;_ob_widget_stalker_use&quot;:&quot;no&quot;,&quot;_ob_poopart_use&quot;:&quot;yes&quot;,&quot;_ob_shadough_use&quot;:&quot;no&quot;,&quot;_ob_allow_hoveranimator&quot;:&quot;no&quot;}\" data-widget_type=\"text-editor.default\">\n\t\t\t\t<div class=\"elementor-widget-container\">\n\t\t\t\t\t\t\t\t\t<p>Eine freundliche Atmosph\u00e4re und sch\u00f6ne B\u00e4nde f\u00fcr Ihre<br \/>Urlaub mit Familie oder Freunden.<\/p>\t\t\t\t\t\t\t\t<\/div>\n\t\t\t\t<\/div>\n\t\t\t\t<div class=\"elementor-element elementor-element-6f1113c bouton-maillage elementor-widget__width-auto ob-has-background-overlay elementor-widget elementor-widget-button\" data-id=\"6f1113c\" data-element_type=\"widget\" data-e-type=\"widget\" data-settings=\"{&quot;_ob_butterbutton_use_it&quot;:&quot;no&quot;,&quot;_ob_widget_stalker_use&quot;:&quot;no&quot;,&quot;_ob_poopart_use&quot;:&quot;yes&quot;,&quot;_ob_shadough_use&quot;:&quot;no&quot;,&quot;_ob_allow_hoveranimator&quot;:&quot;no&quot;}\" data-widget_type=\"button.default\">\n\t\t\t\t<div class=\"elementor-widget-container\">\n\t\t\t\t\t\t\t\t\t<div class=\"elementor-button-wrapper\">\n\t\t\t\t\t<a class=\"elementor-button elementor-button-link elementor-size-lg\" href=\"https:\/\/www.aalborg-hotel.fr\/de\/hotel-les-deux-alpes\/les-2-alpes-aalborg\/\">\n\t\t\t\t\t\t<span class=\"elementor-button-content-wrapper\">\n\t\t\t\t\t\t<span class=\"elementor-button-icon\">\n\t\t\t\t<i aria-hidden=\"true\" class=\"eliofont eliofont-arrow-right\"><\/i>\t\t\t<\/span>\n\t\t\t\t\t\t\t\t\t<span class=\"elementor-button-text\">Entdecken Sie<\/span>\n\t\t\t\t\t<\/span>\n\t\t\t\t\t<\/a>\n\t\t\t\t<\/div>\n\t\t\t\t\t\t\t\t<\/div>\n\t\t\t\t<\/div>\n\t\t\t\t<div class=\"elementor-element elementor-element-b550004 elementor-widget__width-auto ob-has-background-overlay elementor-widget elementor-widget-button\" data-id=\"b550004\" data-element_type=\"widget\" data-e-type=\"widget\" data-settings=\"{&quot;_ob_butterbutton_use_it&quot;:&quot;no&quot;,&quot;_ob_widget_stalker_use&quot;:&quot;no&quot;,&quot;_ob_poopart_use&quot;:&quot;yes&quot;,&quot;_ob_shadough_use&quot;:&quot;no&quot;,&quot;_ob_allow_hoveranimator&quot;:&quot;no&quot;}\" data-widget_type=\"button.default\">\n\t\t\t\t<div class=\"elementor-widget-container\">\n\t\t\t\t\t\t\t\t\t<div class=\"elementor-button-wrapper\">\n\t\t\t\t\t<a class=\"elementor-button elementor-button-link elementor-size-lg\" href=\"https:\/\/www.secure-hotel-booking.com\/Hotel-Aalborg\/JIR3?hotelId=25486&#038;roomid=121293\" target=\"_blank\" rel=\"nofollow noopener\">\n\t\t\t\t\t\t<span class=\"elementor-button-content-wrapper\">\n\t\t\t\t\t\t<span class=\"elementor-button-icon\">\n\t\t\t\t<i aria-hidden=\"true\" class=\"eliofont eliofont-calendar\"><\/i>\t\t\t<\/span>\n\t\t\t\t\t\t\t\t\t<span class=\"elementor-button-text\">Buch<\/span>\n\t\t\t\t\t<\/span>\n\t\t\t\t\t<\/a>\n\t\t\t\t<\/div>\n\t\t\t\t\t\t\t\t<\/div>\n\t\t\t\t<\/div>\n\t\t\t\t\t<\/div>\n\t\t<\/div>\n\t\t\t\t<div class=\"make-column-clickable-elementor elementor-column elementor-col-33 elementor-top-column elementor-element elementor-element-8e23f8a colonne-section-chambres\" style=\"cursor: pointer;\" data-column-clickable=\"https:\/\/www.aalborg-hotel.fr\/de\/hotel-les-deux-alpes\/hotel-restaurant-aalborg\/\" data-column-clickable-blank=\"_self\" data-id=\"8e23f8a\" data-element_type=\"column\" data-e-type=\"column\" data-settings=\"{&quot;background_background&quot;:&quot;classic&quot;,&quot;_ob_column_hoveranimator&quot;:&quot;no&quot;,&quot;_ob_column_has_pseudo&quot;:&quot;no&quot;}\">\n\t\t\t<div class=\"elementor-widget-wrap elementor-element-populated\">\n\t\t\t\t\t\t<div class=\"elementor-element elementor-element-8e7c196 ob-has-background-overlay elementor-widget elementor-widget-image\" data-id=\"8e7c196\" data-element_type=\"widget\" data-e-type=\"widget\" data-settings=\"{&quot;_ob_photomorph_use&quot;:&quot;no&quot;,&quot;_ob_widget_stalker_use&quot;:&quot;no&quot;,&quot;_ob_poopart_use&quot;:&quot;yes&quot;,&quot;_ob_shadough_use&quot;:&quot;no&quot;,&quot;_ob_allow_hoveranimator&quot;:&quot;no&quot;}\" data-widget_type=\"image.default\">\n\t\t\t\t<div class=\"elementor-widget-container\">\n\t\t\t\t\t\t\t\t\t\t\t\t\t\t\t<img decoding=\"async\" src=\"https:\/\/www.aalborg-hotel.fr\/wp-content\/uploads\/elementor\/thumbs\/hotel-les-2-alpes-6-scaled-pfkbxe5tyxjxunv9dy5zo885mt89rodohf9hx174bo.jpg\" title=\"hotel les 2 alpes\" alt=\"hotel les 2 alpes\" loading=\"lazy\" \/>\t\t\t\t\t\t\t\t\t\t\t\t\t\t\t<\/div>\n\t\t\t\t<\/div>\n\t\t\t\t<div class=\"elementor-element elementor-element-bc2feb7 ob-harakiri-inherit ob-has-background-overlay elementor-widget elementor-widget-heading\" data-id=\"bc2feb7\" data-element_type=\"widget\" data-e-type=\"widget\" data-settings=\"{&quot;_ob_use_harakiri&quot;:&quot;yes&quot;,&quot;_ob_harakiri_writing_mode&quot;:&quot;inherit&quot;,&quot;_ob_harakiri_text_clip&quot;:&quot;none&quot;,&quot;_ob_widget_stalker_use&quot;:&quot;no&quot;,&quot;_ob_poopart_use&quot;:&quot;yes&quot;,&quot;_ob_shadough_use&quot;:&quot;no&quot;,&quot;_ob_allow_hoveranimator&quot;:&quot;no&quot;}\" data-widget_type=\"heading.default\">\n\t\t\t\t<div class=\"elementor-widget-container\">\n\t\t\t\t\t<h2 class=\"elementor-heading-title elementor-size-default\">\u00dcberlegene Familie<\/h2>\t\t\t\t<\/div>\n\t\t\t\t<\/div>\n\t\t\t\t<div class=\"elementor-element elementor-element-de8c25d ob-harakiri-inherit ob-has-background-overlay elementor-widget elementor-widget-text-editor\" data-id=\"de8c25d\" data-element_type=\"widget\" data-e-type=\"widget\" data-settings=\"{&quot;_ob_use_harakiri&quot;:&quot;yes&quot;,&quot;_ob_harakiri_writing_mode&quot;:&quot;inherit&quot;,&quot;_ob_postman_use&quot;:&quot;no&quot;,&quot;_ob_widget_stalker_use&quot;:&quot;no&quot;,&quot;_ob_poopart_use&quot;:&quot;yes&quot;,&quot;_ob_shadough_use&quot;:&quot;no&quot;,&quot;_ob_allow_hoveranimator&quot;:&quot;no&quot;}\" data-widget_type=\"text-editor.default\">\n\t\t\t\t<div class=\"elementor-widget-container\">\n\t\t\t\t\t\t\t\t\t<p>In den oberen Etagen des Hotels k\u00f6nnen Sie mit Ihrer Familie den Panoramablick auf die Pisten und Gipfel genie\u00dfen.<\/p>\t\t\t\t\t\t\t\t<\/div>\n\t\t\t\t<\/div>\n\t\t\t\t<div class=\"elementor-element elementor-element-01204ec bouton-maillage elementor-widget__width-auto ob-has-background-overlay elementor-widget elementor-widget-button\" data-id=\"01204ec\" data-element_type=\"widget\" data-e-type=\"widget\" data-settings=\"{&quot;_ob_butterbutton_use_it&quot;:&quot;no&quot;,&quot;_ob_widget_stalker_use&quot;:&quot;no&quot;,&quot;_ob_poopart_use&quot;:&quot;yes&quot;,&quot;_ob_shadough_use&quot;:&quot;no&quot;,&quot;_ob_allow_hoveranimator&quot;:&quot;no&quot;}\" data-widget_type=\"button.default\">\n\t\t\t\t<div class=\"elementor-widget-container\">\n\t\t\t\t\t\t\t\t\t<div class=\"elementor-button-wrapper\">\n\t\t\t\t\t<a class=\"elementor-button elementor-button-link elementor-size-lg\" href=\"https:\/\/www.aalborg-hotel.fr\/de\/hotel-les-deux-alpes\/hotel-restaurant-aalborg\/\">\n\t\t\t\t\t\t<span class=\"elementor-button-content-wrapper\">\n\t\t\t\t\t\t<span class=\"elementor-button-icon\">\n\t\t\t\t<i aria-hidden=\"true\" class=\"eliofont eliofont-arrow-right\"><\/i>\t\t\t<\/span>\n\t\t\t\t\t\t\t\t\t<span class=\"elementor-button-text\">Entdecken Sie<\/span>\n\t\t\t\t\t<\/span>\n\t\t\t\t\t<\/a>\n\t\t\t\t<\/div>\n\t\t\t\t\t\t\t\t<\/div>\n\t\t\t\t<\/div>\n\t\t\t\t<div class=\"elementor-element elementor-element-af2900e elementor-widget__width-auto ob-has-background-overlay elementor-widget elementor-widget-button\" data-id=\"af2900e\" data-element_type=\"widget\" data-e-type=\"widget\" data-settings=\"{&quot;_ob_butterbutton_use_it&quot;:&quot;no&quot;,&quot;_ob_widget_stalker_use&quot;:&quot;no&quot;,&quot;_ob_poopart_use&quot;:&quot;yes&quot;,&quot;_ob_shadough_use&quot;:&quot;no&quot;,&quot;_ob_allow_hoveranimator&quot;:&quot;no&quot;}\" data-widget_type=\"button.default\">\n\t\t\t\t<div class=\"elementor-widget-container\">\n\t\t\t\t\t\t\t\t\t<div class=\"elementor-button-wrapper\">\n\t\t\t\t\t<a class=\"elementor-button elementor-button-link elementor-size-lg\" href=\"https:\/\/www.secure-hotel-booking.com\/Hotel-Aalborg\/JIR3?hotelId=25486&#038;roomid=121294\" target=\"_blank\" rel=\"nofollow noopener\">\n\t\t\t\t\t\t<span class=\"elementor-button-content-wrapper\">\n\t\t\t\t\t\t<span class=\"elementor-button-icon\">\n\t\t\t\t<i aria-hidden=\"true\" class=\"eliofont eliofont-calendar\"><\/i>\t\t\t<\/span>\n\t\t\t\t\t\t\t\t\t<span class=\"elementor-button-text\">Buch<\/span>\n\t\t\t\t\t<\/span>\n\t\t\t\t\t<\/a>\n\t\t\t\t<\/div>\n\t\t\t\t\t\t\t\t<\/div>\n\t\t\t\t<\/div>\n\t\t\t\t\t<\/div>\n\t\t<\/div>\n\t\t\t\t\t<\/div>\n\t\t<\/section>\n\t\t\t\t<section class=\"elementor-section elementor-top-section elementor-element elementor-element-0f38226 section-chambres elementor-section-boxed elementor-section-height-default elementor-section-height-default\" data-id=\"0f38226\" data-element_type=\"section\" data-e-type=\"section\" data-settings=\"{&quot;background_background&quot;:&quot;classic&quot;,&quot;_ob_glider_is_slider&quot;:&quot;no&quot;}\">\n\t\t\t\t\t\t\t<div class=\"elementor-background-overlay\"><\/div>\n\t\t\t\t\t\t\t<div class=\"elementor-container elementor-column-gap-default\">\n\t\t\t\t\t<div class=\"make-column-clickable-elementor elementor-column elementor-col-33 elementor-top-column elementor-element elementor-element-b18dddb colonne-section-chambres\" style=\"cursor: pointer;\" data-column-clickable=\"https:\/\/www.aalborg-hotel.fr\/de\/hotel-les-deux-alpes\/aalborg-hotel-restaurant\/\" data-column-clickable-blank=\"_self\" data-id=\"b18dddb\" data-element_type=\"column\" data-e-type=\"column\" data-settings=\"{&quot;background_background&quot;:&quot;classic&quot;,&quot;_ob_column_hoveranimator&quot;:&quot;no&quot;,&quot;_ob_column_has_pseudo&quot;:&quot;no&quot;}\">\n\t\t\t<div class=\"elementor-widget-wrap elementor-element-populated\">\n\t\t\t\t\t\t<div class=\"elementor-element elementor-element-02e0f53 ob-has-background-overlay elementor-widget elementor-widget-image\" data-id=\"02e0f53\" data-element_type=\"widget\" data-e-type=\"widget\" data-settings=\"{&quot;_ob_photomorph_use&quot;:&quot;no&quot;,&quot;_ob_widget_stalker_use&quot;:&quot;no&quot;,&quot;_ob_poopart_use&quot;:&quot;yes&quot;,&quot;_ob_shadough_use&quot;:&quot;no&quot;,&quot;_ob_allow_hoveranimator&quot;:&quot;no&quot;}\" data-widget_type=\"image.default\">\n\t\t\t\t<div class=\"elementor-widget-container\">\n\t\t\t\t\t\t\t\t\t\t\t\t\t\t\t<img decoding=\"async\" src=\"https:\/\/www.aalborg-hotel.fr\/wp-content\/uploads\/elementor\/thumbs\/1010295_Dec21_035_XF-compressed-puiei8bkysl8ete6od22tp3fwp01k161y41n32zijo.jpg\" title=\"1010295_Dec21_035_XF-compressed\" alt=\"1010295_Dec21_035_XF-compressed\" loading=\"lazy\" \/>\t\t\t\t\t\t\t\t\t\t\t\t\t\t\t<\/div>\n\t\t\t\t<\/div>\n\t\t\t\t<div class=\"elementor-element elementor-element-f073ae8 ob-harakiri-inherit ob-has-background-overlay elementor-widget elementor-widget-heading\" data-id=\"f073ae8\" data-element_type=\"widget\" data-e-type=\"widget\" data-settings=\"{&quot;_ob_use_harakiri&quot;:&quot;yes&quot;,&quot;_ob_harakiri_writing_mode&quot;:&quot;inherit&quot;,&quot;_ob_harakiri_text_clip&quot;:&quot;none&quot;,&quot;_ob_widget_stalker_use&quot;:&quot;no&quot;,&quot;_ob_poopart_use&quot;:&quot;yes&quot;,&quot;_ob_shadough_use&quot;:&quot;no&quot;,&quot;_ob_allow_hoveranimator&quot;:&quot;no&quot;}\" data-widget_type=\"heading.default\">\n\t\t\t\t<div class=\"elementor-widget-container\">\n\t\t\t\t\t<h2 class=\"elementor-heading-title elementor-size-default\">Superior Familie plus<\/h2>\t\t\t\t<\/div>\n\t\t\t\t<\/div>\n\t\t\t\t<div class=\"elementor-element elementor-element-285dd3b ob-harakiri-inherit ob-has-background-overlay elementor-widget elementor-widget-text-editor\" data-id=\"285dd3b\" data-element_type=\"widget\" data-e-type=\"widget\" data-settings=\"{&quot;_ob_use_harakiri&quot;:&quot;yes&quot;,&quot;_ob_harakiri_writing_mode&quot;:&quot;inherit&quot;,&quot;_ob_postman_use&quot;:&quot;no&quot;,&quot;_ob_widget_stalker_use&quot;:&quot;no&quot;,&quot;_ob_poopart_use&quot;:&quot;yes&quot;,&quot;_ob_shadough_use&quot;:&quot;no&quot;,&quot;_ob_allow_hoveranimator&quot;:&quot;no&quot;}\" data-widget_type=\"text-editor.default\">\n\t\t\t\t<div class=\"elementor-widget-container\">\n\t\t\t\t\t\t\t\t\t<p>Zwei R\u00e4ume innerhalb eines Zimmers in<br \/>In den oberen Etagen des Hotels k\u00f6nnen Sie mit Ihrer Familie den Panoramablick auf die Pisten und Gipfel genie\u00dfen.<\/p>\t\t\t\t\t\t\t\t<\/div>\n\t\t\t\t<\/div>\n\t\t\t\t<div class=\"elementor-element elementor-element-c1dd4e3 bouton-maillage elementor-widget__width-auto ob-has-background-overlay elementor-widget elementor-widget-button\" data-id=\"c1dd4e3\" data-element_type=\"widget\" data-e-type=\"widget\" data-settings=\"{&quot;_ob_butterbutton_use_it&quot;:&quot;no&quot;,&quot;_ob_widget_stalker_use&quot;:&quot;no&quot;,&quot;_ob_poopart_use&quot;:&quot;yes&quot;,&quot;_ob_shadough_use&quot;:&quot;no&quot;,&quot;_ob_allow_hoveranimator&quot;:&quot;no&quot;}\" data-widget_type=\"button.default\">\n\t\t\t\t<div class=\"elementor-widget-container\">\n\t\t\t\t\t\t\t\t\t<div class=\"elementor-button-wrapper\">\n\t\t\t\t\t<a class=\"elementor-button elementor-button-link elementor-size-lg\" href=\"https:\/\/www.aalborg-hotel.fr\/de\/hotel-les-deux-alpes\/aalborg-hotel-restaurant\/\">\n\t\t\t\t\t\t<span class=\"elementor-button-content-wrapper\">\n\t\t\t\t\t\t<span class=\"elementor-button-icon\">\n\t\t\t\t<i aria-hidden=\"true\" class=\"eliofont eliofont-arrow-right\"><\/i>\t\t\t<\/span>\n\t\t\t\t\t\t\t\t\t<span class=\"elementor-button-text\">Entdecken Sie<\/span>\n\t\t\t\t\t<\/span>\n\t\t\t\t\t<\/a>\n\t\t\t\t<\/div>\n\t\t\t\t\t\t\t\t<\/div>\n\t\t\t\t<\/div>\n\t\t\t\t<div class=\"elementor-element elementor-element-90fbcf2 elementor-widget__width-auto ob-has-background-overlay elementor-widget elementor-widget-button\" data-id=\"90fbcf2\" data-element_type=\"widget\" data-e-type=\"widget\" data-settings=\"{&quot;_ob_butterbutton_use_it&quot;:&quot;no&quot;,&quot;_ob_widget_stalker_use&quot;:&quot;no&quot;,&quot;_ob_poopart_use&quot;:&quot;yes&quot;,&quot;_ob_shadough_use&quot;:&quot;no&quot;,&quot;_ob_allow_hoveranimator&quot;:&quot;no&quot;}\" data-widget_type=\"button.default\">\n\t\t\t\t<div class=\"elementor-widget-container\">\n\t\t\t\t\t\t\t\t\t<div class=\"elementor-button-wrapper\">\n\t\t\t\t\t<a class=\"elementor-button elementor-button-link elementor-size-lg\" href=\"https:\/\/www.secure-hotel-booking.com\/Hotel-Aalborg\/JIR3?hotelId=25486&#038;roomid=121295\" target=\"_blank\" rel=\"nofollow noopener\">\n\t\t\t\t\t\t<span class=\"elementor-button-content-wrapper\">\n\t\t\t\t\t\t<span class=\"elementor-button-icon\">\n\t\t\t\t<i aria-hidden=\"true\" class=\"eliofont eliofont-calendar\"><\/i>\t\t\t<\/span>\n\t\t\t\t\t\t\t\t\t<span class=\"elementor-button-text\">Buch<\/span>\n\t\t\t\t\t<\/span>\n\t\t\t\t\t<\/a>\n\t\t\t\t<\/div>\n\t\t\t\t\t\t\t\t<\/div>\n\t\t\t\t<\/div>\n\t\t\t\t\t<\/div>\n\t\t<\/div>\n\t\t\t\t<div class=\"make-column-clickable-elementor elementor-column elementor-col-33 elementor-top-column elementor-element elementor-element-3cc75bf colonne-section-chambres\" style=\"cursor: pointer;\" data-column-clickable=\"https:\/\/www.aalborg-hotel.fr\/de\/hotel-les-deux-alpes\/hotel-aalborg-les-2-alpes-2\/\" data-column-clickable-blank=\"_self\" data-id=\"3cc75bf\" data-element_type=\"column\" data-e-type=\"column\" data-settings=\"{&quot;background_background&quot;:&quot;classic&quot;,&quot;_ob_column_hoveranimator&quot;:&quot;no&quot;,&quot;_ob_column_has_pseudo&quot;:&quot;no&quot;}\">\n\t\t\t<div class=\"elementor-widget-wrap elementor-element-populated\">\n\t\t\t\t\t\t<div class=\"elementor-element elementor-element-3ca12b8 ob-has-background-overlay elementor-widget elementor-widget-image\" data-id=\"3ca12b8\" data-element_type=\"widget\" data-e-type=\"widget\" data-settings=\"{&quot;_ob_photomorph_use&quot;:&quot;no&quot;,&quot;_ob_widget_stalker_use&quot;:&quot;no&quot;,&quot;_ob_poopart_use&quot;:&quot;yes&quot;,&quot;_ob_shadough_use&quot;:&quot;no&quot;,&quot;_ob_allow_hoveranimator&quot;:&quot;no&quot;}\" data-widget_type=\"image.default\">\n\t\t\t\t<div class=\"elementor-widget-container\">\n\t\t\t\t\t\t\t\t\t\t\t\t\t\t\t<img decoding=\"async\" src=\"https:\/\/www.aalborg-hotel.fr\/wp-content\/uploads\/elementor\/thumbs\/hotel-les-2-alpes-6-scaled-pfkbxe5tyxjxunv9dy5zo885mt89rodohf9hx174bo.jpg\" title=\"hotel les 2 alpes\" alt=\"hotel les 2 alpes\" loading=\"lazy\" \/>\t\t\t\t\t\t\t\t\t\t\t\t\t\t\t<\/div>\n\t\t\t\t<\/div>\n\t\t\t\t<div class=\"elementor-element elementor-element-0fbcde1 ob-harakiri-inherit ob-has-background-overlay elementor-widget elementor-widget-heading\" data-id=\"0fbcde1\" data-element_type=\"widget\" data-e-type=\"widget\" data-settings=\"{&quot;_ob_use_harakiri&quot;:&quot;yes&quot;,&quot;_ob_harakiri_writing_mode&quot;:&quot;inherit&quot;,&quot;_ob_harakiri_text_clip&quot;:&quot;none&quot;,&quot;_ob_widget_stalker_use&quot;:&quot;no&quot;,&quot;_ob_poopart_use&quot;:&quot;yes&quot;,&quot;_ob_shadough_use&quot;:&quot;no&quot;,&quot;_ob_allow_hoveranimator&quot;:&quot;no&quot;}\" data-widget_type=\"heading.default\">\n\t\t\t\t<div class=\"elementor-widget-container\">\n\t\t\t\t\t<h2 class=\"elementor-heading-title elementor-size-default\">Zimmer mit Verbindungst\u00fcr<\/h2>\t\t\t\t<\/div>\n\t\t\t\t<\/div>\n\t\t\t\t<div class=\"elementor-element elementor-element-b604b70 ob-harakiri-inherit ob-has-background-overlay elementor-widget elementor-widget-text-editor\" data-id=\"b604b70\" data-element_type=\"widget\" data-e-type=\"widget\" data-settings=\"{&quot;_ob_use_harakiri&quot;:&quot;yes&quot;,&quot;_ob_harakiri_writing_mode&quot;:&quot;inherit&quot;,&quot;_ob_postman_use&quot;:&quot;no&quot;,&quot;_ob_widget_stalker_use&quot;:&quot;no&quot;,&quot;_ob_poopart_use&quot;:&quot;yes&quot;,&quot;_ob_shadough_use&quot;:&quot;no&quot;,&quot;_ob_allow_hoveranimator&quot;:&quot;no&quot;}\" data-widget_type=\"text-editor.default\">\n\t\t\t\t<div class=\"elementor-widget-container\">\n\t\t\t\t\t\t\t\t\t<p>Ein wundersch\u00f6ner Raum im traditionellen Bergstil f\u00fcr die Familie unter Wahrung Ihrer Privatsph\u00e4re.<\/p>\t\t\t\t\t\t\t\t<\/div>\n\t\t\t\t<\/div>\n\t\t\t\t<div class=\"elementor-element elementor-element-1c56af4 bouton-maillage elementor-widget__width-auto ob-has-background-overlay elementor-widget elementor-widget-button\" data-id=\"1c56af4\" data-element_type=\"widget\" data-e-type=\"widget\" data-settings=\"{&quot;_ob_butterbutton_use_it&quot;:&quot;no&quot;,&quot;_ob_widget_stalker_use&quot;:&quot;no&quot;,&quot;_ob_poopart_use&quot;:&quot;yes&quot;,&quot;_ob_shadough_use&quot;:&quot;no&quot;,&quot;_ob_allow_hoveranimator&quot;:&quot;no&quot;}\" data-widget_type=\"button.default\">\n\t\t\t\t<div class=\"elementor-widget-container\">\n\t\t\t\t\t\t\t\t\t<div class=\"elementor-button-wrapper\">\n\t\t\t\t\t<a class=\"elementor-button elementor-button-link elementor-size-lg\" href=\"https:\/\/www.aalborg-hotel.fr\/de\/hotel-les-deux-alpes\/hotel-aalborg-les-2-alpes-2\/\">\n\t\t\t\t\t\t<span class=\"elementor-button-content-wrapper\">\n\t\t\t\t\t\t<span class=\"elementor-button-icon\">\n\t\t\t\t<i aria-hidden=\"true\" class=\"eliofont eliofont-arrow-right\"><\/i>\t\t\t<\/span>\n\t\t\t\t\t\t\t\t\t<span class=\"elementor-button-text\">Entdecken Sie<\/span>\n\t\t\t\t\t<\/span>\n\t\t\t\t\t<\/a>\n\t\t\t\t<\/div>\n\t\t\t\t\t\t\t\t<\/div>\n\t\t\t\t<\/div>\n\t\t\t\t\t<\/div>\n\t\t<\/div>\n\t\t\t\t<div class=\"make-column-clickable-elementor elementor-column elementor-col-33 elementor-top-column elementor-element elementor-element-885088b colonne-section-chambres\" style=\"cursor: pointer;\" data-column-clickable=\"https:\/\/www.aalborg-hotel.fr\/de\/hotel-les-deux-alpes\/hotel-aalborg-les-2-alpes-2\/\" data-column-clickable-blank=\"_self\" data-id=\"885088b\" data-element_type=\"column\" data-e-type=\"column\" data-settings=\"{&quot;_ob_column_hoveranimator&quot;:&quot;no&quot;,&quot;_ob_column_has_pseudo&quot;:&quot;no&quot;}\">\n\t\t\t<div class=\"elementor-widget-wrap\">\n\t\t\t\t\t\t\t<\/div>\n\t\t<\/div>\n\t\t\t\t\t<\/div>\n\t\t<\/section>\n\t\t\t\t<\/div>","protected":false},"excerpt":{"rendered":"<p>AALBORG H\u00d4TEL LES 2 ALPES Une chambre chaleureuse et confortable pour vos vacances en duo. R\u00e9server EXPOSITION NORD EN \u00c9TAGE OU REZ DE NEIGE Ces chambres classiques avec balcon peuvent \u00eatre pr\u00e9par\u00e9es en lit double ou lits jumeaux etoffrent une vue sur les terrains arbor\u00e9s entourant l\u2019h\u00f4tel Aalborg les 2 alpes.Possibilit\u00e9 de rajouter un lit [&hellip;]<\/p>\n","protected":false},"author":6,"featured_media":0,"parent":70,"menu_order":1,"comment_status":"closed","ping_status":"closed","template":"","meta":{"inline_featured_image":false,"footnotes":""},"class_list":["post-98","page","type-page","status-publish","hentry"],"_links":{"self":[{"href":"https:\/\/www.aalborg-hotel.fr\/de\/wp-json\/wp\/v2\/pages\/98","targetHints":{"allow":["GET"]}}],"collection":[{"href":"https:\/\/www.aalborg-hotel.fr\/de\/wp-json\/wp\/v2\/pages"}],"about":[{"href":"https:\/\/www.aalborg-hotel.fr\/de\/wp-json\/wp\/v2\/types\/page"}],"author":[{"embeddable":true,"href":"https:\/\/www.aalborg-hotel.fr\/de\/wp-json\/wp\/v2\/users\/6"}],"replies":[{"embeddable":true,"href":"https:\/\/www.aalborg-hotel.fr\/de\/wp-json\/wp\/v2\/comments?post=98"}],"version-history":[{"count":97,"href":"https:\/\/www.aalborg-hotel.fr\/de\/wp-json\/wp\/v2\/pages\/98\/revisions"}],"predecessor-version":[{"id":3332,"href":"https:\/\/www.aalborg-hotel.fr\/de\/wp-json\/wp\/v2\/pages\/98\/revisions\/3332"}],"up":[{"embeddable":true,"href":"https:\/\/www.aalborg-hotel.fr\/de\/wp-json\/wp\/v2\/pages\/70"}],"wp:attachment":[{"href":"https:\/\/www.aalborg-hotel.fr\/de\/wp-json\/wp\/v2\/media?parent=98"}],"curies":[{"name":"wp","href":"https:\/\/api.w.org\/{rel}","templated":true}]}}